{"id":202,"date":"2017-01-26T23:54:27","date_gmt":"2017-01-26T22:54:27","guid":{"rendered":"http:\/\/chrs.cieq.ca\/?page_id=202"},"modified":"2022-02-04T12:01:29","modified_gmt":"2022-02-04T16:01:29","slug":"jean-trepanier","status":"publish","type":"page","link":"https:\/\/chrs-test.uqam.ca\/index.php\/a-propos\/equipe\/chercheurs-affilies\/jean-trepanier\/","title":{"rendered":"Jean Tr\u00e9panier"},"content":{"rendered":"<div class=\"su-row\"><div class=\"su-column su-column-size-1-5\"><div class=\"su-column-inner su-u-clearfix su-u-trim\"><img loading=\"lazy\" decoding=\"async\" class=\"alignleft size-thumbnail wp-image-203\" src=\"\/wp-content\/uploads\/2017\/01\/jean_trepanier-150x150.jpeg\" alt=\"\" width=\"150\" height=\"150\" \/><\/div><\/div>\n<div class=\"su-column su-column-size-4-5\"><div class=\"su-column-inner su-u-clearfix su-u-trim\">1990 &#8211; Actuel<\/p>\n<p><strong>Professeur \u00e9m\u00e9rite, Universit\u00e9 de Montr\u00e9al<br \/>\n\u00c9cole de criminologie<\/strong><\/div><\/div><\/div>\n<p>Jean Tr\u00e9panier est juriste et criminologue, professeur \u00e9m\u00e9rite de l\u2019\u00c9cole de criminologie de l\u2019Universit\u00e9 de Montr\u00e9al. Il est chercheur au Centre international en criminologie compar\u00e9e (CICC \u2013 Universit\u00e9 de Montr\u00e9al). Son exp\u00e9rience dans l\u2019administration publique provinciale et f\u00e9d\u00e9rale et sa connaissance de la justice des mineurs, comme ses travaux divers sur ces sujets, l\u2019ont sensibilis\u00e9 aux diverses dimensions de l\u2019analyse des politiques et des pratiques de ce domaine. Ses recherches principales s\u2019orientent vers les origines de la justice et des institutions pour mineurs, dont il est l&rsquo;un des principaux historiens.<\/p>\n<p><strong><a href=\"https:\/\/chrs-test.uqam.ca\/index.php\/recherche\/realisations\/publications\/?tgid=&amp;yr=&amp;type=&amp;usr=&amp;auth=306#tppubs\" target=\"_blank\" rel=\"noopener\">Liste des publications<\/a><\/strong><\/p>\n<div class=\"su-spoiler su-spoiler-style-default su-spoiler-icon-chevron su-spoiler-closed\" data-scroll-offset=\"0\" data-anchor-in-url=\"no\"><div class=\"su-spoiler-title\" tabindex=\"0\" role=\"button\"><span class=\"su-spoiler-icon\"><\/span>Coordonn\u00e9es<\/div><div class=\"su-spoiler-content su-u-clearfix su-u-trim\">\n<strong>Courriel : <\/strong><br \/>\njean.trepanier.2@umontreal.ca<\/div><\/div>\n<div class=\"su-spoiler su-spoiler-style-default su-spoiler-icon-chevron su-spoiler-closed\" data-scroll-offset=\"0\" data-anchor-in-url=\"no\"><div class=\"su-spoiler-title\" tabindex=\"0\" role=\"button\"><span class=\"su-spoiler-icon\"><\/span>Liens<\/div><div class=\"su-spoiler-content su-u-clearfix su-u-trim\">\n<a href=\"https:\/\/chrs-test.uqam.ca\/index.php\/recherche\/realisations\/publications\/?tgid=&amp;yr=&amp;type=&amp;usr=&amp;auth=306#tppubs\" target=\"_blank\" rel=\"noopener\">Liste compl\u00e8te des publications de Jean Tr\u00e9panier<\/a><br \/>\n<\/div><\/div>\n<div class=\"su-spoiler su-spoiler-style-default su-spoiler-icon-chevron su-spoiler-closed\" data-scroll-offset=\"0\" data-anchor-in-url=\"no\"><div class=\"su-spoiler-title\" tabindex=\"0\" role=\"button\"><span class=\"su-spoiler-icon\"><\/span>Projets de recherche<\/div><div class=\"su-spoiler-content su-u-clearfix su-u-trim\">\n<p><a href=\"https:\/\/chrs-test.uqam.ca\/index.php\/regulations-sociales-et-familiales-dans-lhistoire-des-problemes-sociaux-au-quebec\/\" target=\"_blank\" rel=\"noopener\">R\u00e9gulations sociales et familiales dans l\u2019histoire des probl\u00e8mes sociaux au Qu\u00e9bec<\/a><br \/>\n<a href=\"\/index.php\/recherche\/realisations\/projets-de-recherche-en-cours\/le-gouvernement-de-la-misere\/\" target=\"_blank\" rel=\"noopener\">Le gouvernement de la mis\u00e8re et la citoyennet\u00e9 : pauvret\u00e9, maladie et crime dans l&rsquo;histoire du Qu\u00e9bec<\/a><br \/>\n<a href=\"\/index.php\/recherche\/realisations\/projets-de-recherche-termines\/les-institutions-pour-mineurs-delinquants-et-en-danger-a-montreal\/\" target=\"_blank\" rel=\"noopener\">Les institutions pour mineurs d\u00e9linquants et en danger \u00e0 Montr\u00e9al, 1850-1950<\/a><br \/>\n<a href=\"\/index.php\/recherche\/realisations\/projets-de-recherche-termines\/les-conditions-historiques-de-developpement-du-probleme-de-linstitutionnalisation-au-quebec-jusqua-la-revolution-tranquille\/\" target=\"_blank\" rel=\"noopener\">Les conditions historiques de d\u00e9veloppement du probl\u00e8me de l&rsquo;institutionnalisation au Qu\u00e9bec jusqu&rsquo;\u00e0 la R\u00e9volution tranquille<\/a><br \/>\n<a href=\"\/index.php\/recherche\/realisations\/projets-de-recherche-termines\/recherche-sur-les-commissions-denquete\/\" target=\"_blank\" rel=\"noopener\">Recherche sur les Commissions d&rsquo;enqu\u00eate (justice p\u00e9nale)<\/a><br \/>\n<a href=\"\/index.php\/recherche\/realisations\/projets-de-recherche-termines\/limpact-des-mesures-reparatrices-en-matiere-de-justice-pour-mineurs\/\" target=\"_blank\" rel=\"noopener\">L\u2019impact des mesures r\u00e9paratrices en mati\u00e8re de justice pour mineurs<\/a><br \/>\n<a href=\"\/index.php\/recherche\/realisations\/projets-de-recherche-termines\/politique-et-pratique-de-la-prison-de-montreal-1850-1913\/\" target=\"_blank\" rel=\"noopener\">Politique et pratique de la prison de Montr\u00e9al, 1850-1913<\/a><br \/>\n<a href=\"\/index.php\/recherche\/realisations\/projets-de-recherche-termines\/emergence-et-evolution-historique-de-lenfermement-a-montreal\/\" target=\"_blank\" rel=\"noopener\">\u00c9mergence et \u00e9volution historique de l\u2019enfermement \u00e0 Montr\u00e9al, 1840-1921<\/a><br \/>\n<a href=\"\/index.php\/recherche\/realisations\/projets-de-recherche-termines\/evolution-de-la-population-de-la-prison-de-montreal\/\" target=\"_blank\" rel=\"noopener\">\u00c9volution de la population de la prison de Montr\u00e9al<\/a><br \/>\n<a href=\"\/index.php\/recherche\/realisations\/projets-de-recherche-termines\/de-lexperience-individuelle-au-phenomene-global\/\" target=\"_blank\" rel=\"noopener\">De l\u2019exp\u00e9rience individuelle au ph\u00e9nom\u00e8ne global : configuration et r\u00e9ponse sociale \u00e0 l\u2019itin\u00e9rance<\/a><br \/>\n<a href=\"\/index.php\/recherche\/realisations\/projets-de-recherche-termines\/la-condition-socio-economique-de-jeunes-delinquants\/\" target=\"_blank\" rel=\"noopener\">La condition socio-\u00e9conomique de jeunes d\u00e9linquants : perspective historique<\/a><br \/>\n<a href=\"\/index.php\/recherche\/realisations\/projets-de-recherche-termines\/trajectoires-historiques-de-la-misere-a-montreal\/\" target=\"_blank\" rel=\"noopener\">Trajectoires historiques de la mis\u00e8re \u00e0 Montr\u00e9al, 1840-1921 : une radioscopie<\/a><br \/>\n<a href=\"\/index.php\/recherche\/realisations\/projets-de-recherche-termines\/la-mise-en-place-et-les-mutations-du-reseau-montrealais-de-regulation-sociale\/\" target=\"_blank\" rel=\"noopener\">La mise en place et les mutations du r\u00e9seau montr\u00e9alais de r\u00e9gulation sociale, de l\u2019\u00e8re lib\u00e9rale \u00e0 l\u2019\u00c9tat providence<\/a><br \/>\n<a href=\"\/index.php\/recherche\/realisations\/projets-de-recherche-termines\/la-cour-des-jeunes-delinquants-de-montreal-etude-de-dossiers\/\" target=\"_blank\" rel=\"noopener\">La Cour des jeunes d\u00e9linquants de Montr\u00e9al : \u00e9tude de dossiers<\/a><br \/>\n<a href=\"\/index.php\/recherche\/realisations\/projets-de-recherche-termines\/limplantation-dune-justice-protectionnelle-a-montreal\/\" target=\"_blank\" rel=\"noopener\">L\u2019implantation d\u2019une justice protectionnelle \u00e0 Montr\u00e9al : la Cour des jeunes d\u00e9linquants de Montr\u00e9al, 1912-1932<\/a><br \/>\n<a href=\"\/index.php\/recherche\/realisations\/projets-de-recherche-termines\/regulation-sociale-et-institutions-a-montreal\/\" target=\"_blank\" rel=\"noopener\">R\u00e9gulation sociale et institutions \u00e0 Montr\u00e9al, 1840-1921<\/a><br \/>\n<a href=\"\/index.php\/recherche\/realisations\/projets-de-recherche-termines\/la-cour-des-jeunes-delinquants-de-montreal\/\" target=\"_blank\" rel=\"noopener\">La Cour des jeunes d\u00e9linquants de Montr\u00e9al, 1912-1950<\/a><br \/>\n<a href=\"\/index.php\/recherche\/realisations\/projets-de-recherche-termines\/emergence-et-developpement-des-institutions-pour-mineurs-delinquants-et-en-danger-a-montreal\/\" target=\"_blank\" rel=\"noopener\">\u00c9mergence et d\u00e9veloppement des institutions pour mineurs d\u00e9linquants et en danger \u00e0 Montr\u00e9al, 1850-1910<\/a><br \/>\n<a href=\"\/index.php\/recherche\/realisations\/projets-de-recherche-termines\/la-loi-sur-le-systeme-de-justice-penale\/\" target=\"_blank\" rel=\"noopener\">La loi sur le syst\u00e8me de justice p\u00e9nale pour les adolescents, sept ans plus tard : portrait des jeunes, des trajectoires et des pratiques<\/a><br \/>\n<a href=\"\/index.php\/recherche\/realisations\/projets-de-recherche-termines\/gestion-des-risques-sociaux-et-reponses-aux-vulnerabilites\/\" target=\"_blank\" rel=\"noopener\">Gestion des risques sociaux et r\u00e9ponses aux vuln\u00e9rabilit\u00e9s et probl\u00e8mes sociaux au Qu\u00e9bec, 19e et 20e si\u00e8cles<\/a><br \/>\n<\/div><\/div>\n<div class=\"su-spoiler su-spoiler-style-default su-spoiler-icon-chevron\" data-scroll-offset=\"0\" data-anchor-in-url=\"no\"><div class=\"su-spoiler-title\" tabindex=\"0\" role=\"button\"><span class=\"su-spoiler-icon\"><\/span>Nouvelles<\/div><div class=\"su-spoiler-content su-u-clearfix su-u-trim\">\n[chrs-related]\n<\/div><\/div>\n","protected":false},"excerpt":{"rendered":"<p>Jean Tr\u00e9panier est juriste et criminologue, professeur \u00e9m\u00e9rite de l\u2019\u00c9cole de criminologie de l\u2019Universit\u00e9 de Montr\u00e9al. Il est chercheur au Centre international en criminologie compar\u00e9e (CICC \u2013 Universit\u00e9 de Montr\u00e9al)&#8230;.<\/p>\n","protected":false},"author":2,"featured_media":0,"parent":67,"menu_order":14,"comment_status":"closed","ping_status":"closed","template":"","meta":{"_monsterinsights_skip_tracking":false,"_monsterinsights_sitenote_active":false,"_monsterinsights_sitenote_note":"","_monsterinsights_sitenote_category":0,"footnotes":""},"class_list":["post-202","page","type-page","status-publish","hentry"],"_links":{"self":[{"href":"https:\/\/chrs-test.uqam.ca\/index.php\/wp-json\/wp\/v2\/pages\/202","targetHints":{"allow":["GET"]}}],"collection":[{"href":"https:\/\/chrs-test.uqam.ca\/index.php\/wp-json\/wp\/v2\/pages"}],"about":[{"href":"https:\/\/chrs-test.uqam.ca\/index.php\/wp-json\/wp\/v2\/types\/page"}],"author":[{"embeddable":true,"href":"https:\/\/chrs-test.uqam.ca\/index.php\/wp-json\/wp\/v2\/users\/2"}],"replies":[{"embeddable":true,"href":"https:\/\/chrs-test.uqam.ca\/index.php\/wp-json\/wp\/v2\/comments?post=202"}],"version-history":[{"count":0,"href":"https:\/\/chrs-test.uqam.ca\/index.php\/wp-json\/wp\/v2\/pages\/202\/revisions"}],"up":[{"embeddable":true,"href":"https:\/\/chrs-test.uqam.ca\/index.php\/wp-json\/wp\/v2\/pages\/67"}],"wp:attachment":[{"href":"https:\/\/chrs-test.uqam.ca\/index.php\/wp-json\/wp\/v2\/media?parent=202"}],"curies":[{"name":"wp","href":"https:\/\/api.w.org\/{rel}","templated":true}]}}