{"id":461,"date":"2017-02-02T01:01:19","date_gmt":"2017-02-02T00:01:19","guid":{"rendered":"http:\/\/chrs.cieq.ca\/?page_id=461"},"modified":"2022-09-13T15:06:20","modified_gmt":"2022-09-13T19:06:20","slug":"noemie-charest-bourdon","status":"publish","type":"page","link":"https:\/\/chrs-test.uqam.ca\/index.php\/a-propos\/equipe\/membres-etudiants\/noemie-charest-bourdon\/","title":{"rendered":"No\u00e9mie Charest-Bourdon"},"content":{"rendered":"<p><strong>Universit\u00e9 du Qu\u00e9bec \u00e0 Montr\u00e9al<br \/>\nD\u00e9partement d&rsquo;histoire<\/strong><\/p>\n<div class=\"su-column su-column-size-1-6\"><div class=\"su-column-inner su-u-clearfix su-u-trim\"><img loading=\"lazy\" decoding=\"async\" class=\"alignleft wp-image-10031 size-medium\" src=\"https:\/\/chrs-test.uqam.ca\/wp-content\/uploads\/2022\/07\/charest-bourdon-noemie-photo-279x300.jpg\" alt=\"\" width=\"279\" height=\"300\" srcset=\"https:\/\/chrs-test.uqam.ca\/wp-content\/uploads\/2022\/07\/charest-bourdon-noemie-photo-279x300.jpg 279w, https:\/\/chrs-test.uqam.ca\/wp-content\/uploads\/2022\/07\/charest-bourdon-noemie-photo-768x825.jpg 768w, https:\/\/chrs-test.uqam.ca\/wp-content\/uploads\/2022\/07\/charest-bourdon-noemie-photo-953x1024.jpg 953w, https:\/\/chrs-test.uqam.ca\/wp-content\/uploads\/2022\/07\/charest-bourdon-noemie-photo.jpg 1022w\" sizes=\"auto, (max-width: 279px) 100vw, 279px\" \/><\/p>\n<\/div><\/div>\n<div class=\"su-column su-column-size-4-6\"><div class=\"su-column-inner su-u-clearfix su-u-trim\"><\/div><\/div>\n<p>Apr\u00e8s l'obtention d'un baccalaur\u00e9at en biologie, No\u00e9mie s'oriente vers les sciences sociales et compl\u00e8te une ma\u00eetrise en histoire. Actuellement doctorante en histoire, elle s'int\u00e9resse \u00e0 l'\u00c9tat, au capitalisme, \u00e0 la pauvret\u00e9 et aux politiques sociales. Son m\u00e9moire de ma\u00eetrise et ses travaux doctoraux portent sur l'acc\u00e8s aux soins de sant\u00e9 pour les plus d\u00e9munis et sur les premi\u00e8res politiques de financement public du r\u00e9seau hospitalier au Qu\u00e9bec. Elle est auxiliaire de recherche au Centre d'histoire des r\u00e9gulations sociales et auxiliaire d'enseignement au d\u00e9partement d'histoire de l'UQAM.<\/p>\n<div><strong>M\u00e9moire<\/strong>: <a href=\"https:\/\/uqam-bib.on.worldcat.org\/oclc\/1080192036\">Qui va payer pour les malades indigents? La \u00ab philanthropie d'\u00c9tat \u00bb, du sou du pauvre \u00e0 l'assistance publique (1905-1930)<\/a>, direction : Martin Petitclerc et Fran\u00e7ois Gu\u00e9rard, 2018.<\/div>\n<div><\/div>\n<div><strong>Th\u00e8se<\/strong>: La malade, le maire et le magistrat : La difficile reconnaissance d\u2019un droit aux soins de sant\u00e9 au Qu\u00e9bec (1921-1970), direction : Martin Petitclerc et Dominique Marshall, en cours.[\/su_spoiler]<\/div>\n<div class=\"su-spoiler su-spoiler-style-default su-spoiler-icon-chevron su-spoiler-closed\" data-scroll-offset=\"0\" data-anchor-in-url=\"no\"><div class=\"su-spoiler-title\" tabindex=\"0\" role=\"button\"><span class=\"su-spoiler-icon\"><\/span>Coordonn\u00e9es<\/div><div class=\"su-spoiler-content su-u-clearfix su-u-trim\">\n<p><strong>Courriel :\u00a0<a href=\"mailto:charest-bourdon.noemie@courrier.uqam.ca\" target=\"_blank\" rel=\"noopener\">charest-bourdon.noemie@<wbr \/>courrier.uqam.ca<\/a><\/strong><\/div><\/div>\n<div class=\"su-spoiler su-spoiler-style-default su-spoiler-icon-chevron su-spoiler-closed\" data-scroll-offset=\"0\" data-anchor-in-url=\"no\"><div class=\"su-spoiler-title\" tabindex=\"0\" role=\"button\"><span class=\"su-spoiler-icon\"><\/span>Curriculum vitae <\/div><div class=\"su-spoiler-content su-u-clearfix su-u-trim\">\n<p><a href=\"https:\/\/chrs-test.uqam.ca\/wp-content\/uploads\/2022\/07\/Charest-Bourdon_CV.pdf\">Curriculum vitae &#8211; juillet 2022<\/a><\/p>\n<\/div><\/div>\n<div class=\"su-spoiler su-spoiler-style-default su-spoiler-icon-chevron su-spoiler-closed\" data-scroll-offset=\"0\" data-anchor-in-url=\"no\"><div class=\"su-spoiler-title\" tabindex=\"0\" role=\"button\"><span class=\"su-spoiler-icon\"><\/span>Bourses, prix et distinctions<\/div><div class=\"su-spoiler-content su-u-clearfix su-u-trim\">\n<ul>\n<li>Bourse doctorale Joseph-Armand Bombardier, 2019-2024.<\/li>\n<li>Finaliste, Prix du livre politique cat\u00e9gorie m\u00e9moire de ma\u00eetrise (fondation Jean-Charles Bonenfant), 2019.<\/li>\n<li>Bourse doctorale FRQSC, 2018-2019.<\/li>\n<li>Dipl\u00f4me de ma\u00eetrise avec mention d\u2019excellence acad\u00e9mique, 2018.<\/li>\n<li>Programme de soutien \u00e0 la recherche (ma\u00eetrise), Biblioth\u00e8que et archives nationales du Qu\u00e9bec, 2016-2017.<\/li>\n<\/ul>\n<\/div><\/div>\n<div class=\"su-spoiler su-spoiler-style-default su-spoiler-icon-chevron\" data-scroll-offset=\"0\" data-anchor-in-url=\"no\"><div class=\"su-spoiler-title\" tabindex=\"0\" role=\"button\"><span class=\"su-spoiler-icon\"><\/span>Nouvelles<\/div><div class=\"su-spoiler-content su-u-clearfix su-u-trim\">\n[chrs-related]\n<\/div><\/div>\n","protected":false},"excerpt":{"rendered":"<p>Universit\u00e9 du Qu\u00e9bec \u00e0 Montr\u00e9al D\u00e9partement d&rsquo;histoire Apr\u00e8s l&rsquo;obtention d&rsquo;un baccalaur\u00e9at en biologie, No\u00e9mie s&rsquo;oriente vers les sciences sociales et compl\u00e8te une ma\u00eetrise en histoire. Actuellement doctorante en histoire, elle&#8230;<\/p>\n","protected":false},"author":2,"featured_media":0,"parent":455,"menu_order":0,"comment_status":"closed","ping_status":"closed","template":"","meta":{"_monsterinsights_skip_tracking":false,"_monsterinsights_sitenote_active":false,"_monsterinsights_sitenote_note":"","_monsterinsights_sitenote_category":0,"footnotes":""},"class_list":["post-461","page","type-page","status-publish","hentry"],"_links":{"self":[{"href":"https:\/\/chrs-test.uqam.ca\/index.php\/wp-json\/wp\/v2\/pages\/461","targetHints":{"allow":["GET"]}}],"collection":[{"href":"https:\/\/chrs-test.uqam.ca\/index.php\/wp-json\/wp\/v2\/pages"}],"about":[{"href":"https:\/\/chrs-test.uqam.ca\/index.php\/wp-json\/wp\/v2\/types\/page"}],"author":[{"embeddable":true,"href":"https:\/\/chrs-test.uqam.ca\/index.php\/wp-json\/wp\/v2\/users\/2"}],"replies":[{"embeddable":true,"href":"https:\/\/chrs-test.uqam.ca\/index.php\/wp-json\/wp\/v2\/comments?post=461"}],"version-history":[{"count":0,"href":"https:\/\/chrs-test.uqam.ca\/index.php\/wp-json\/wp\/v2\/pages\/461\/revisions"}],"up":[{"embeddable":true,"href":"https:\/\/chrs-test.uqam.ca\/index.php\/wp-json\/wp\/v2\/pages\/455"}],"wp:attachment":[{"href":"https:\/\/chrs-test.uqam.ca\/index.php\/wp-json\/wp\/v2\/media?parent=461"}],"curies":[{"name":"wp","href":"https:\/\/api.w.org\/{rel}","templated":true}]}}